{"id":5299,"date":"2024-04-10T09:38:23","date_gmt":"2024-04-10T06:38:23","guid":{"rendered":"https:\/\/trakumenomokykla.lt\/mokytojai\/"},"modified":"2026-01-19T19:28:07","modified_gmt":"2026-01-19T17:28:07","slug":"teachers","status":"publish","type":"page","link":"https:\/\/trakumenomokykla.lt\/en\/teachers\/","title":{"rendered":"Teachers"},"content":{"rendered":"<table width=\"899\">\n<tbody>\n<tr>\n<td width=\"42\"><strong>Eil. Nr.<\/strong><\/td>\n<td width=\"224\"><strong>Name, Surname<\/strong><\/td>\n<td width=\"238\"><strong>Pareigos<\/strong><\/td>\n<\/tr>\n<tr>\n<td width=\"42\">1<\/td>\n<td width=\"224\"><strong>Neringa Mi\u0161eikien\u0117<\/strong><\/td>\n<td width=\"238\">Direktor\u0117<br \/>\nFortepijono mokytoja metodinink\u0117<\/td>\n<\/tr>\n<tr>\n<td width=\"42\">2<\/td>\n<td width=\"224\"><strong>Rasa Kani\u0161auskait\u0117<br \/>\n<\/strong><em>Metodinio pogrupio koordinator\u0117<br \/>\nMokyklos tarybos pirminink\u0117<\/em><\/td>\n<td width=\"238\">Fortepijono mokytoja ekspert\u0117<br \/>\nKoncertmeister\u0117 ekspert\u0117 (Trak\u0173 ir Lentvario skyrius)<\/td>\n<\/tr>\n<tr>\n<td width=\"42\">3<\/td>\n<td width=\"224\"><strong>Jovita Tumasonien\u0117<\/strong><\/td>\n<td width=\"238\">Fortepijono vyresnioji mokytoja<br \/>\nKoncertmeister\u0117 metodinink\u0117<\/td>\n<\/tr>\n<tr>\n<td width=\"42\">4<\/td>\n<td width=\"224\"><strong>Natalija \u0160umskien\u0117<\/strong><\/td>\n<td width=\"238\">Fortepijono mokytoja metodinink\u0117<\/td>\n<\/tr>\n<tr>\n<td width=\"42\">5<\/td>\n<td width=\"224\"><strong>Asta Kvasyt\u0117<\/strong><\/td>\n<td width=\"238\">Fortepijono vyresnioji mokytoja<br \/>\nKoncertmeister\u0117 metodinink\u0117<\/td>\n<\/tr>\n<tr>\n<td width=\"42\">6<\/td>\n<td width=\"224\"><strong>Loreta Baku\u010dionien\u0117<\/strong><\/td>\n<td width=\"238\">Fortepijono mokytoja metodinink\u0117 (Trak\u0173 ir Lentvario skyrius)<\/td>\n<\/tr>\n<tr>\n<td width=\"42\">7<\/td>\n<td width=\"224\"><strong>Natalja Bal\u010di\u016bnien\u0117<\/strong><\/td>\n<td width=\"238\">Fortepijono vyresnioji mokytoja (Lentvario skyrius)<\/td>\n<\/tr>\n<tr>\n<td width=\"42\">8<\/td>\n<td width=\"224\"><strong>Rasa Miki\u0161kien\u0117<br \/>\n<\/strong><em>Metodinio pogrupio koordinator\u0117<\/em><\/td>\n<td width=\"238\">Pavaduotoja ugdymui<br \/>\nAkordeono mokytoja metodinink\u0117<\/td>\n<\/tr>\n<tr>\n<td width=\"42\">9<\/td>\n<td width=\"224\"><strong>Vaida Baronien\u0117<\/strong><\/td>\n<td width=\"238\">Pavaduotoja ugdymui<br \/>\nAkordeono mokytoja metodinink\u0117 (Lentvario skyrius)<\/td>\n<\/tr>\n<tr>\n<td width=\"42\">10<\/td>\n<td width=\"224\"><strong>Edgaras Di\u010dpinigaitis<\/strong><\/td>\n<td width=\"238\">Akordeono mokytojas<\/td>\n<\/tr>\n<tr>\n<td width=\"42\">11<\/td>\n<td width=\"224\"><strong>Ieva Tij\u016bn\u0117lien\u0117<\/strong><\/td>\n<td width=\"238\">Smuiko mokytoja ekspert\u0117<\/td>\n<\/tr>\n<tr>\n<td width=\"42\">12<\/td>\n<td width=\"224\"><strong>Ingrida \u0160imulionien\u0117<br \/>\n<\/strong><em>Metodin\u0117s grup\u0117s pirminink\u0117<\/em><\/td>\n<td width=\"238\">Smuiko mokytoja metodinink\u0117<\/td>\n<\/tr>\n<tr>\n<td width=\"42\">13<\/td>\n<td width=\"224\"><strong>Valerija Kycia<\/strong><\/td>\n<td width=\"238\">Smuiko mokytoja<\/td>\n<\/tr>\n<tr>\n<td width=\"42\">14<\/td>\n<td width=\"224\"><strong>Arvydas Mi\u0161eikis<br \/>\n<\/strong><em>Metodinio pogrupio koordinatorius<\/em><\/td>\n<td width=\"238\">Varini\u0173 pu\u010diam\u0173j\u0173 mokytojas metodininkas<\/td>\n<\/tr>\n<tr>\n<td width=\"42\">15<\/td>\n<td width=\"224\"><strong>Kastytis Miki\u0161ka<\/strong><\/td>\n<td width=\"238\">Birbyn\u0117s mokytojas metodininkas<\/td>\n<\/tr>\n<tr>\n<td width=\"42\">16<\/td>\n<td width=\"224\"><strong>Ieva Ka\u0161\u0117tien\u0117<\/strong><\/td>\n<td width=\"238\">Fleitos vyresnioji mokytoja<\/td>\n<\/tr>\n<tr>\n<td width=\"42\">17<\/td>\n<td width=\"224\"><strong>Ri\u010dardas \u010ciupkovas<\/strong><\/td>\n<td width=\"238\">Saksofono mokytojas metodininkas<\/td>\n<\/tr>\n<tr>\n<td width=\"42\">18<\/td>\n<td width=\"224\"><strong>Nojus Jurkus<\/strong><\/td>\n<td width=\"238\">Saksofono vyresnysis mokytojas<\/td>\n<\/tr>\n<tr>\n<td width=\"42\">19<\/td>\n<td width=\"224\"><strong>Valentas Marozas<\/strong><\/td>\n<td width=\"238\">Trombono mokytojas metodininkas<\/td>\n<\/tr>\n<tr>\n<td width=\"42\">20<\/td>\n<td width=\"224\"><strong>Indr\u0117 Kule\u0161evi\u010dien\u0117<\/strong><\/td>\n<td width=\"238\">Valtornos mokytoja metodinink\u0117<\/td>\n<\/tr>\n<tr>\n<td width=\"42\">21<\/td>\n<td width=\"224\"><strong>Mindaugas Ju\u0161kevi\u010dius<\/strong><\/td>\n<td width=\"238\">Mu\u0161am\u0173j\u0173 instrument\u0173 vyresnysis mokytojas<\/td>\n<\/tr>\n<tr>\n<td width=\"42\">22<\/td>\n<td width=\"224\"><strong>Rokas Podelis<\/strong><\/td>\n<td width=\"238\">Fanfarinio orkestro mokytojas metodininkas<\/td>\n<\/tr>\n<tr>\n<td width=\"42\">23<\/td>\n<td width=\"224\"><strong>Audrius Stasiulis<\/strong><\/td>\n<td width=\"238\">Eufonijos mokytojas ekspertas<\/td>\n<\/tr>\n<tr>\n<td width=\"42\">24<\/td>\n<td width=\"224\"><strong>Sandra Stasi\u016bnait\u0117 Luskevi\u010dien\u0117<\/strong><\/td>\n<td width=\"238\">Solfed\u017eio, muzikos istorijos mokytoja metodinink\u0117<\/td>\n<\/tr>\n<tr>\n<td width=\"42\">25<\/td>\n<td width=\"224\"><strong>Julija V\u0117\u017eelyt\u0117-Vilkevi\u010dien\u0117<\/strong><\/td>\n<td width=\"238\">Solfed\u017eio, muzikos istorijos mokytoja (Lentvario skyrius)<\/td>\n<\/tr>\n<tr>\n<td width=\"42\">26<\/td>\n<td width=\"224\"><strong>Rasa Marija Tama\u0161auskien\u0117<\/strong><\/td>\n<td width=\"238\">Vyresnioji solfed\u017eio mokytoja<\/td>\n<\/tr>\n<tr>\n<td width=\"42\">27<\/td>\n<td width=\"224\"><strong>Akvil\u0117 Prakapien\u0117<br \/>\n<\/strong><em>Metodinio pogrupio koordinator\u0117<\/em><\/td>\n<td width=\"238\">\u0160okio mokytoja metodinink\u0117 (Auk\u0161tadvario skyrius)<\/td>\n<\/tr>\n<tr>\n<td width=\"42\">28<\/td>\n<td width=\"224\"><strong>Birut\u0117 Ma\u017erimien\u0117<\/strong><\/td>\n<td width=\"238\">\u0160okio vyresnioji mokytoja (Lentvario skyrius)<\/td>\n<\/tr>\n<tr>\n<td width=\"42\">29<\/td>\n<td width=\"224\"><strong>Vida Bagdonien\u0117<\/strong><\/td>\n<td width=\"238\">\u0160okio vyresnioji mokytoja<\/td>\n<\/tr>\n<tr>\n<td width=\"42\">30<\/td>\n<td width=\"224\"><strong>Gra\u017eina Jonikien\u0117<\/strong><\/td>\n<td width=\"238\">\u0160okio mokytoja<\/td>\n<\/tr>\n<tr>\n<td width=\"42\">31<\/td>\n<td width=\"224\"><strong>Bo\u017eena Ra\u010dinska<\/strong><\/td>\n<td width=\"238\">\u0160okio koncertmeister\u0117<\/td>\n<\/tr>\n<tr>\n<td width=\"42\">32<\/td>\n<td width=\"224\"><strong>Jonas Me\u010dkovskij<br \/>\n<\/strong><em>Metodinio pogrupio koordinatorius<\/em><\/td>\n<td width=\"238\">Dail\u0117s vyresnysis mokytojas<\/td>\n<\/tr>\n<tr>\n<td width=\"42\">33<\/td>\n<td width=\"224\"><strong>Renata Me\u010dkovskien\u0117<\/strong><\/td>\n<td width=\"238\">Dail\u0117s vyresnioji mokytoja<\/td>\n<\/tr>\n<tr>\n<td width=\"42\">34<\/td>\n<td width=\"224\"><strong>Gir\u0117nas \u0160irbinskas<\/strong><\/td>\n<td width=\"238\">Dail\u0117s vyresnysis mokytojas<\/td>\n<\/tr>\n<tr>\n<td width=\"42\">35<\/td>\n<td width=\"224\"><strong>Nijol\u0117 Me\u010dkovskaja<\/strong><\/td>\n<td width=\"238\">Dail\u0117s mokytoja metodinink\u0117 (Auk\u0161tadvario skyrius)<\/td>\n<\/tr>\n<\/tbody>\n<\/table>\n","protected":false},"excerpt":{"rendered":"<p>Eil. Nr. Name, Surname Pareigos 1 Neringa Mi\u0161eikien\u0117 Direktor\u0117 Fortepijono mokytoja metodinink\u0117 2 Rasa Kani\u0161auskait\u0117 Metodinio pogrupio koordinator\u0117 Mokyklos tarybos pirminink\u0117 Fortepijono mokytoja ekspert\u0117 Koncertmeister\u0117 ekspert\u0117 (Trak\u0173 ir Lentvario skyrius) 3 Jovita Tumasonien\u0117 Fortepijono vyresnioji mokytoja Koncertmeister\u0117 metodinink\u0117 4 Natalija \u0160umskien\u0117 Fortepijono mokytoja metodinink\u0117 5 Asta Kvasyt\u0117 Fortepijono vyresnioji mokytoja Koncertmeister\u0117 metodinink\u0117 6 Loreta Baku\u010dionien\u0117[&#8230;]\n","protected":false},"author":1,"featured_media":0,"parent":0,"menu_order":0,"comment_status":"closed","ping_status":"closed","template":"","meta":{"footnotes":""},"class_list":["post-5299","page","type-page","status-publish","hentry"],"_links":{"self":[{"href":"https:\/\/trakumenomokykla.lt\/en\/wp-json\/wp\/v2\/pages\/5299","targetHints":{"allow":["GET"]}}],"collection":[{"href":"https:\/\/trakumenomokykla.lt\/en\/wp-json\/wp\/v2\/pages"}],"about":[{"href":"https:\/\/trakumenomokykla.lt\/en\/wp-json\/wp\/v2\/types\/page"}],"author":[{"embeddable":true,"href":"https:\/\/trakumenomokykla.lt\/en\/wp-json\/wp\/v2\/users\/1"}],"replies":[{"embeddable":true,"href":"https:\/\/trakumenomokykla.lt\/en\/wp-json\/wp\/v2\/comments?post=5299"}],"version-history":[{"count":2,"href":"https:\/\/trakumenomokykla.lt\/en\/wp-json\/wp\/v2\/pages\/5299\/revisions"}],"predecessor-version":[{"id":5301,"href":"https:\/\/trakumenomokykla.lt\/en\/wp-json\/wp\/v2\/pages\/5299\/revisions\/5301"}],"wp:attachment":[{"href":"https:\/\/trakumenomokykla.lt\/en\/wp-json\/wp\/v2\/media?parent=5299"}],"curies":[{"name":"wp","href":"https:\/\/api.w.org\/{rel}","templated":true}]}}